{"id":965,"date":"2025-04-17T11:28:43","date_gmt":"2025-04-17T09:28:43","guid":{"rendered":"https:\/\/cbf.cgt.fr\/formsynd\/?post_type=tribe_events&#038;p=965"},"modified":"2025-04-17T11:33:52","modified_gmt":"2025-04-17T09:33:52","slug":"n0216-2025-seminaire-retraite-2","status":"publish","type":"tribe_events","link":"https:\/\/formationsyndicale.cgt.fr\/?tribe_events=n0216-2025-seminaire-retraite-2","title":{"rendered":"N\u00b04379\/2025 &#8211; S\u00e9minaire retraite"},"content":{"rendered":"<p><span style=\"color: #000080;\"><strong>Population syndicale concern\u00e9e<\/strong> <\/span><\/p>\n<h5><span style=\"color: #000080;\">Responsables syndicaux en charge des questions de protection sociale, de sant\u00e9 et travail, et mandat\u00e9s S\u00e9curit\u00e9 sociale.<\/span><\/h5>\n<hr \/>\n<p><span style=\"color: #000080;\"><strong>Les objectifs du s\u00e9minaire<\/strong> <\/span><\/p>\n<h5><span style=\"color: #000080;\">L\u2019objectif est d\u2019appr\u00e9hender les enjeux et m\u00e9canismes de solidarit\u00e9s li\u00e9s aux in\u00e9galit\u00e9s de carri\u00e8re et de salaires dans le monde du travail et de la retraite, et construire une r\u00e9ponse revendicative \u00e0 ces effets.<\/span><\/h5>\n<hr \/>\n<h5><a href=\"https:\/\/formationsyndicale.cgt.fr\/wp-content\/uploads\/2025\/04\/FD-Seminaire-retraite-Strasbourg-2025.docx\">FD S\u00e9minaire retraite Strasbourg 2025<\/a><\/h5>\n<h5><a href=\"https:\/\/formationsyndicale.cgt.fr\/wp-content\/uploads\/2025\/04\/FC-seminaire-Strasbourg-juin-2025.docx\">FC s\u00e9minaire Strasbourg juin 2025<\/a><\/h5>\n","protected":false},"excerpt":{"rendered":"<p>Population syndicale concern\u00e9e Responsables syndicaux en charge des questions de protection sociale, de sant\u00e9 et travail, et mandat\u00e9s S\u00e9curit\u00e9 sociale. Les objectifs du s\u00e9minaire L\u2019objectif est d\u2019appr\u00e9hender les enjeux et&hellip;&nbsp;<a href=\"https:\/\/formationsyndicale.cgt.fr\/?tribe_events=n0216-2025-seminaire-retraite-2\" rel=\"bookmark\"><span class=\"screen-reader-text\">N\u00b04379\/2025 &#8211; S\u00e9minaire retraite<\/span><\/a><\/p>\n","protected":false},"author":3,"featured_media":0,"template":"","meta":{"neve_meta_sidebar":"","neve_meta_container":"","neve_meta_enable_content_width":"","neve_meta_content_width":0,"neve_meta_title_alignment":"","neve_meta_author_avatar":"","neve_post_elements_order":"","neve_meta_disable_header":"","neve_meta_disable_footer":"","neve_meta_disable_title":"","_tribe_events_status":"","_tribe_events_status_reason":"","footnotes":""},"tags":[],"tribe_events_cat":[],"class_list":["post-965","tribe_events","type-tribe_events","status-publish","hentry"],"_links":{"self":[{"href":"https:\/\/formationsyndicale.cgt.fr\/index.php?rest_route=\/wp\/v2\/tribe_events\/965","targetHints":{"allow":["GET"]}}],"collection":[{"href":"https:\/\/formationsyndicale.cgt.fr\/index.php?rest_route=\/wp\/v2\/tribe_events"}],"about":[{"href":"https:\/\/formationsyndicale.cgt.fr\/index.php?rest_route=\/wp\/v2\/types\/tribe_events"}],"author":[{"embeddable":true,"href":"https:\/\/formationsyndicale.cgt.fr\/index.php?rest_route=\/wp\/v2\/users\/3"}],"version-history":[{"count":4,"href":"https:\/\/formationsyndicale.cgt.fr\/index.php?rest_route=\/wp\/v2\/tribe_events\/965\/revisions"}],"predecessor-version":[{"id":971,"href":"https:\/\/formationsyndicale.cgt.fr\/index.php?rest_route=\/wp\/v2\/tribe_events\/965\/revisions\/971"}],"wp:attachment":[{"href":"https:\/\/formationsyndicale.cgt.fr\/index.php?rest_route=%2Fwp%2Fv2%2Fmedia&parent=965"}],"wp:term":[{"taxonomy":"post_tag","embeddable":true,"href":"https:\/\/formationsyndicale.cgt.fr\/index.php?rest_route=%2Fwp%2Fv2%2Ftags&post=965"},{"taxonomy":"tribe_events_cat","embeddable":true,"href":"https:\/\/formationsyndicale.cgt.fr\/index.php?rest_route=%2Fwp%2Fv2%2Ftribe_events_cat&post=965"}],"curies":[{"name":"wp","href":"https:\/\/api.w.org\/{rel}","templated":true}]}}