{"id":820,"date":"2025-02-10T12:24:34","date_gmt":"2025-02-10T11:24:34","guid":{"rendered":"https:\/\/cbf.cgt.fr\/formsynd\/?post_type=tribe_events&#038;p=820"},"modified":"2025-02-10T12:24:34","modified_gmt":"2025-02-10T11:24:34","slug":"n0108-2025-agir-pour-legalite-professionnelle-entre-les-femmes-et-les-hommes","status":"publish","type":"tribe_events","link":"https:\/\/formationsyndicale.cgt.fr\/?tribe_events=n0108-2025-agir-pour-legalite-professionnelle-entre-les-femmes-et-les-hommes","title":{"rendered":"N\u00b00108\/2025 &#8211; Agir pour l&rsquo;\u00e9galit\u00e9 professionnelle entre les femmes et les hommes"},"content":{"rendered":"<h4><span style=\"color: #003366;\">Public cible<\/span><\/h4>\n<h5><span style=\"color: #003366;\">Elu.e.s et mandat\u00e9.e.s, dans le secteur priv\u00e9 et la fonction publique, qu\u2019elles.ils soient D\u00e9l\u00e9gu\u00e9.e.s syndicales.aux, CSE, CSST, CE, DP, CHSCT, CT, CAP des syndicats, f\u00e9d\u00e9rations, unions d\u00e9partementales qui sont appel\u00e9s \u00e0 n\u00e9gocier l\u2019\u00e9galit\u00e9 professionnelle dans les branches ou sur leur lieu de travail, ainsi qu\u2019aux camarades ayant en charge l\u2019impulsion de cette activit\u00e9.<\/span><\/h5>\n","protected":false},"excerpt":{"rendered":"<p>Public cible Elu.e.s et mandat\u00e9.e.s, dans le secteur priv\u00e9 et la fonction publique, qu\u2019elles.ils soient D\u00e9l\u00e9gu\u00e9.e.s syndicales.aux, CSE, CSST, CE, DP, CHSCT, CT, CAP des syndicats, f\u00e9d\u00e9rations, unions d\u00e9partementales qui&hellip;&nbsp;<a href=\"https:\/\/formationsyndicale.cgt.fr\/?tribe_events=n0108-2025-agir-pour-legalite-professionnelle-entre-les-femmes-et-les-hommes\" rel=\"bookmark\"><span class=\"screen-reader-text\">N\u00b00108\/2025 &#8211; Agir pour l&rsquo;\u00e9galit\u00e9 professionnelle entre les femmes et les hommes<\/span><\/a><\/p>\n","protected":false},"author":3,"featured_media":0,"template":"","meta":{"neve_meta_sidebar":"","neve_meta_container":"","neve_meta_enable_content_width":"","neve_meta_content_width":0,"neve_meta_title_alignment":"","neve_meta_author_avatar":"","neve_post_elements_order":"","neve_meta_disable_header":"","neve_meta_disable_footer":"","neve_meta_disable_title":"","_tribe_events_status":"","_tribe_events_status_reason":"","footnotes":""},"tags":[],"tribe_events_cat":[],"class_list":["post-820","tribe_events","type-tribe_events","status-publish","hentry"],"_links":{"self":[{"href":"https:\/\/formationsyndicale.cgt.fr\/index.php?rest_route=\/wp\/v2\/tribe_events\/820","targetHints":{"allow":["GET"]}}],"collection":[{"href":"https:\/\/formationsyndicale.cgt.fr\/index.php?rest_route=\/wp\/v2\/tribe_events"}],"about":[{"href":"https:\/\/formationsyndicale.cgt.fr\/index.php?rest_route=\/wp\/v2\/types\/tribe_events"}],"author":[{"embeddable":true,"href":"https:\/\/formationsyndicale.cgt.fr\/index.php?rest_route=\/wp\/v2\/users\/3"}],"version-history":[{"count":1,"href":"https:\/\/formationsyndicale.cgt.fr\/index.php?rest_route=\/wp\/v2\/tribe_events\/820\/revisions"}],"predecessor-version":[{"id":821,"href":"https:\/\/formationsyndicale.cgt.fr\/index.php?rest_route=\/wp\/v2\/tribe_events\/820\/revisions\/821"}],"wp:attachment":[{"href":"https:\/\/formationsyndicale.cgt.fr\/index.php?rest_route=%2Fwp%2Fv2%2Fmedia&parent=820"}],"wp:term":[{"taxonomy":"post_tag","embeddable":true,"href":"https:\/\/formationsyndicale.cgt.fr\/index.php?rest_route=%2Fwp%2Fv2%2Ftags&post=820"},{"taxonomy":"tribe_events_cat","embeddable":true,"href":"https:\/\/formationsyndicale.cgt.fr\/index.php?rest_route=%2Fwp%2Fv2%2Ftribe_events_cat&post=820"}],"curies":[{"name":"wp","href":"https:\/\/api.w.org\/{rel}","templated":true}]}}