{"id":703,"date":"2024-12-20T11:43:24","date_gmt":"2024-12-20T10:43:24","guid":{"rendered":"https:\/\/cbf.cgt.fr\/formsynd\/?post_type=tribe_events&#038;p=703"},"modified":"2024-12-20T11:43:57","modified_gmt":"2024-12-20T10:43:57","slug":"n6024-2025-activites-sociales-et-culturelles","status":"publish","type":"tribe_events","link":"https:\/\/formationsyndicale.cgt.fr\/?tribe_events=n6024-2025-activites-sociales-et-culturelles","title":{"rendered":"N\u00b06024\/2025 &#8211; Activit\u00e9s sociales et culturelles"},"content":{"rendered":"<h4><span style=\"color: #003366;\">Population syndicale concern\u00e9e :<\/span><\/h4>\n<h5><span style=\"color: #003366;\">Les \u00e9lu.e.s CGT du Comit\u00e9 Social et Economique, CIAS, CASC, COS et les camarades en responsabilit\u00e9s des questions culturelles dans les FD, UD, UL et secr\u00e9taires g\u00e9n\u00e9raux des syndicats.<\/span><\/h5>\n<hr \/>\n<h4><span style=\"color: #003366;\">Objectif de la formation :<\/span><\/h4>\n<h5><span style=\"color: #003366;\">\u00c0 l\u2019issue de cette formation, les stagiaires seront en capacit\u00e9 de d\u00e9finir les actions qu\u2019il.elle.s doivent entreprendre dans le cadre de leur responsabilit\u00e9 pour d\u00e9ployer les outils de la CGT et la formation afin mieux coordonner, impulser et d\u00e9velopper les Activit\u00e9s Sociales et Culturelles sur le p\u00e9rim\u00e8tre de leur organisation.<\/span><\/h5>\n<hr \/>\n<h5><\/h5>\n","protected":false},"excerpt":{"rendered":"<p>Population syndicale concern\u00e9e : Les \u00e9lu.e.s CGT du Comit\u00e9 Social et Economique, CIAS, CASC, COS et les camarades en responsabilit\u00e9s des questions culturelles dans les FD, UD, UL et secr\u00e9taires&hellip;&nbsp;<a href=\"https:\/\/formationsyndicale.cgt.fr\/?tribe_events=n6024-2025-activites-sociales-et-culturelles\" rel=\"bookmark\"><span class=\"screen-reader-text\">N\u00b06024\/2025 &#8211; Activit\u00e9s sociales et culturelles<\/span><\/a><\/p>\n","protected":false},"author":3,"featured_media":0,"template":"","meta":{"neve_meta_sidebar":"","neve_meta_container":"","neve_meta_enable_content_width":"","neve_meta_content_width":0,"neve_meta_title_alignment":"","neve_meta_author_avatar":"","neve_post_elements_order":"","neve_meta_disable_header":"","neve_meta_disable_footer":"","neve_meta_disable_title":"","_tribe_events_status":"","_tribe_events_status_reason":"","footnotes":""},"tags":[],"tribe_events_cat":[],"class_list":["post-703","tribe_events","type-tribe_events","status-publish","hentry"],"_links":{"self":[{"href":"https:\/\/formationsyndicale.cgt.fr\/index.php?rest_route=\/wp\/v2\/tribe_events\/703","targetHints":{"allow":["GET"]}}],"collection":[{"href":"https:\/\/formationsyndicale.cgt.fr\/index.php?rest_route=\/wp\/v2\/tribe_events"}],"about":[{"href":"https:\/\/formationsyndicale.cgt.fr\/index.php?rest_route=\/wp\/v2\/types\/tribe_events"}],"author":[{"embeddable":true,"href":"https:\/\/formationsyndicale.cgt.fr\/index.php?rest_route=\/wp\/v2\/users\/3"}],"version-history":[{"count":1,"href":"https:\/\/formationsyndicale.cgt.fr\/index.php?rest_route=\/wp\/v2\/tribe_events\/703\/revisions"}],"predecessor-version":[{"id":704,"href":"https:\/\/formationsyndicale.cgt.fr\/index.php?rest_route=\/wp\/v2\/tribe_events\/703\/revisions\/704"}],"wp:attachment":[{"href":"https:\/\/formationsyndicale.cgt.fr\/index.php?rest_route=%2Fwp%2Fv2%2Fmedia&parent=703"}],"wp:term":[{"taxonomy":"post_tag","embeddable":true,"href":"https:\/\/formationsyndicale.cgt.fr\/index.php?rest_route=%2Fwp%2Fv2%2Ftags&post=703"},{"taxonomy":"tribe_events_cat","embeddable":true,"href":"https:\/\/formationsyndicale.cgt.fr\/index.php?rest_route=%2Fwp%2Fv2%2Ftribe_events_cat&post=703"}],"curies":[{"name":"wp","href":"https:\/\/api.w.org\/{rel}","templated":true}]}}