{"id":699,"date":"2024-12-20T11:36:36","date_gmt":"2024-12-20T10:36:36","guid":{"rendered":"https:\/\/cbf.cgt.fr\/formsynd\/?post_type=tribe_events&#038;p=699"},"modified":"2025-09-11T16:44:33","modified_gmt":"2025-09-11T14:44:33","slug":"n0196-2025-negociation-dentreprise-et-negociation-de-branche","status":"publish","type":"tribe_events","link":"https:\/\/formationsyndicale.cgt.fr\/?tribe_events=n0196-2025-negociation-dentreprise-et-negociation-de-branche","title":{"rendered":"N\u00b00196\/2025 &#8211; N\u00e9gociation collective de branche"},"content":{"rendered":"<h4><span style=\"color: #003366;\">Public cibl\u00e9<\/span><\/h4>\n<h5><span style=\"color: #003366;\">N\u00e9gociateur.rice.s de branche, responsables ou membres des collectifs DLAJ des f\u00e9d\u00e9rations, formateur.rice.s (animateur.rice.s et intervenant.e.s) ou futurs formateur.rice.s de formations dans ce domaine.<\/span><\/h5>\n<hr \/>\n<h4><span style=\"color: #003366;\">Les objectifs de la formation<\/span><\/h4>\n<h5><span style=\"color: #003366;\">A la fin de la formation les stagiaires seront capables de comprendre l\u2019\u00e9volution des r\u00e8gles en mati\u00e8re d\u2019articulation des sources en droit du travail, identifier les nouvelles r\u00e8gles juridiques applicables \u00e0 la n\u00e9gociation collective et les outils juridiques permettant une intervention syndicale en conformit\u00e9 avec les valeurs de la CGT.<\/span><\/h5>\n<hr \/>\n<h5><a href=\"https:\/\/formationsyndicale.cgt.fr\/wp-content\/uploads\/2024\/12\/FD-negociation-dec-2025.docx\">FD n\u00e9gociation d\u00e9c 2025<\/a><\/h5>\n<h5><a href=\"https:\/\/formationsyndicale.cgt.fr\/wp-content\/uploads\/2024\/12\/FC-negociation-dec-2025.docx\">FC n\u00e9gociation d\u00e9c 2025<\/a><\/h5>\n","protected":false},"excerpt":{"rendered":"<p>Public cibl\u00e9 N\u00e9gociateur.rice.s de branche, responsables ou membres des collectifs DLAJ des f\u00e9d\u00e9rations, formateur.rice.s (animateur.rice.s et intervenant.e.s) ou futurs formateur.rice.s de formations dans ce domaine. Les objectifs de la formation&hellip;&nbsp;<a href=\"https:\/\/formationsyndicale.cgt.fr\/?tribe_events=n0196-2025-negociation-dentreprise-et-negociation-de-branche\" rel=\"bookmark\"><span class=\"screen-reader-text\">N\u00b00196\/2025 &#8211; N\u00e9gociation collective de branche<\/span><\/a><\/p>\n","protected":false},"author":3,"featured_media":0,"template":"","meta":{"neve_meta_sidebar":"","neve_meta_container":"","neve_meta_enable_content_width":"","neve_meta_content_width":0,"neve_meta_title_alignment":"","neve_meta_author_avatar":"","neve_post_elements_order":"","neve_meta_disable_header":"","neve_meta_disable_footer":"","neve_meta_disable_title":"","_tribe_events_status":"","_tribe_events_status_reason":"","footnotes":""},"tags":[],"tribe_events_cat":[],"class_list":["post-699","tribe_events","type-tribe_events","status-publish","hentry"],"_links":{"self":[{"href":"https:\/\/formationsyndicale.cgt.fr\/index.php?rest_route=\/wp\/v2\/tribe_events\/699","targetHints":{"allow":["GET"]}}],"collection":[{"href":"https:\/\/formationsyndicale.cgt.fr\/index.php?rest_route=\/wp\/v2\/tribe_events"}],"about":[{"href":"https:\/\/formationsyndicale.cgt.fr\/index.php?rest_route=\/wp\/v2\/types\/tribe_events"}],"author":[{"embeddable":true,"href":"https:\/\/formationsyndicale.cgt.fr\/index.php?rest_route=\/wp\/v2\/users\/3"}],"version-history":[{"count":4,"href":"https:\/\/formationsyndicale.cgt.fr\/index.php?rest_route=\/wp\/v2\/tribe_events\/699\/revisions"}],"predecessor-version":[{"id":1188,"href":"https:\/\/formationsyndicale.cgt.fr\/index.php?rest_route=\/wp\/v2\/tribe_events\/699\/revisions\/1188"}],"wp:attachment":[{"href":"https:\/\/formationsyndicale.cgt.fr\/index.php?rest_route=%2Fwp%2Fv2%2Fmedia&parent=699"}],"wp:term":[{"taxonomy":"post_tag","embeddable":true,"href":"https:\/\/formationsyndicale.cgt.fr\/index.php?rest_route=%2Fwp%2Fv2%2Ftags&post=699"},{"taxonomy":"tribe_events_cat","embeddable":true,"href":"https:\/\/formationsyndicale.cgt.fr\/index.php?rest_route=%2Fwp%2Fv2%2Ftribe_events_cat&post=699"}],"curies":[{"name":"wp","href":"https:\/\/api.w.org\/{rel}","templated":true}]}}