{"id":680,"date":"2024-12-11T11:23:09","date_gmt":"2024-12-11T10:23:09","guid":{"rendered":"https:\/\/cbf.cgt.fr\/formsynd\/?post_type=tribe_events&#038;p=680"},"modified":"2024-12-27T09:18:51","modified_gmt":"2024-12-27T08:18:51","slug":"n0273-2025-referent%c2%b7e%c2%b7s-violences-sexistes-et-sexuelles-au-travail","status":"publish","type":"tribe_events","link":"https:\/\/formationsyndicale.cgt.fr\/?tribe_events=n0273-2025-referent%c2%b7e%c2%b7s-violences-sexistes-et-sexuelles-au-travail","title":{"rendered":"N\u00b00273\/2025 &#8211; R\u00e9f\u00e9rent\u00b7e\u00b7s Violences sexistes et sexuelles au travail"},"content":{"rendered":"<h4><strong><span style=\"color: #003366;\">Public vis\u00e9<\/span> <\/strong><\/h4>\n<h5><span style=\"color: #003366;\">Le stage s\u2019adresse aux syndicalistes du 2<sup>e<\/sup> et 3<sup>e<\/sup> coll\u00e8ges (cat\u00e9gories A et B).<\/span><\/h5>\n<h5><span style=\"color: #003366;\">\u00c9lu\u00b7es au CSE ou r\u00e9f\u00e9rent\u00b7es en mati\u00e8re de lutte contre le harc\u00e8lement sexuel et les agissements sexistes.<\/span><\/h5>\n<hr \/>\n<h4><span style=\"color: #003366;\"><strong>Objectifs de la formation<\/strong><\/span><\/h4>\n<h5><span style=\"color: #003366;\">\u00c0 la fin de la formation les stagiaires sauront identifier les missions des r\u00e9f\u00e9rent\u00b7es VSST dans l\u2019organisation du travail.<\/span><\/h5>\n<h5><span style=\"color: #003366;\">Accueillir, \u00e9couter, accompagner les victimes.<\/span><\/h5>\n<h5><span style=\"color: #003366;\">Mener une enqu\u00eate suite \u00e0 un signalement.<\/span><\/h5>\n<h5><span style=\"color: #003366;\">Mener des campagnes de pr\u00e9vention sur les VSST.<\/span><\/h5>\n<hr \/>\n<h4><span style=\"color: #003366;\"><strong>Pr\u00e9requis<\/strong><\/span><\/h4>\n<h5><span style=\"color: #003366;\">Participer \u00e0 la vie de la CGT\/3 modules ou Niveau 1 et formation \u00ab Combattre les violences sexistes et sexuelles au travail \u00bb.<\/span><\/h5>\n<hr \/>\n<h4><span style=\"color: #003366;\"><strong>Dur\u00e9e de la formation<\/strong><\/span><\/h4>\n<h5><span style=\"color: #003366;\"><strong>3 jours<\/strong> &#8211; Centre de formation Beno\u00eet Frachon, Courcelle (91)<\/span><\/h5>\n<hr \/>\n<h4><span style=\"color: #003366;\"><strong>Nombre de stagiaires : 12<\/strong><\/span><\/h4>\n<hr \/>\n<h4><span style=\"color: #003366;\">Pour vous inscrire : <\/span><a href=\"https:\/\/ugictcgt.typeform.com\/to\/UHxEa8\" target=\"_blank\" rel=\"noopener\">remplir le formulaire<\/a><\/h4>\n","protected":false},"excerpt":{"rendered":"<p>Public vis\u00e9 Le stage s\u2019adresse aux syndicalistes du 2e et 3e coll\u00e8ges (cat\u00e9gories A et B). \u00c9lu\u00b7es au CSE ou r\u00e9f\u00e9rent\u00b7es en mati\u00e8re de lutte contre le harc\u00e8lement sexuel et&hellip;&nbsp;<a href=\"https:\/\/formationsyndicale.cgt.fr\/?tribe_events=n0273-2025-referent%c2%b7e%c2%b7s-violences-sexistes-et-sexuelles-au-travail\" rel=\"bookmark\"><span class=\"screen-reader-text\">N\u00b00273\/2025 &#8211; R\u00e9f\u00e9rent\u00b7e\u00b7s Violences sexistes et sexuelles au travail<\/span><\/a><\/p>\n","protected":false},"author":3,"featured_media":0,"template":"","meta":{"neve_meta_sidebar":"","neve_meta_container":"","neve_meta_enable_content_width":"","neve_meta_content_width":0,"neve_meta_title_alignment":"","neve_meta_author_avatar":"","neve_post_elements_order":"","neve_meta_disable_header":"","neve_meta_disable_footer":"","neve_meta_disable_title":"","_tribe_events_status":"","_tribe_events_status_reason":"","footnotes":""},"tags":[],"tribe_events_cat":[38,40],"class_list":["post-680","tribe_events","type-tribe_events","status-publish","hentry","tribe_events_cat-etre-acteur","tribe_events_cat-outiller-responsabilite","cat_etre-acteur","cat_outiller-responsabilite"],"_links":{"self":[{"href":"https:\/\/formationsyndicale.cgt.fr\/index.php?rest_route=\/wp\/v2\/tribe_events\/680","targetHints":{"allow":["GET"]}}],"collection":[{"href":"https:\/\/formationsyndicale.cgt.fr\/index.php?rest_route=\/wp\/v2\/tribe_events"}],"about":[{"href":"https:\/\/formationsyndicale.cgt.fr\/index.php?rest_route=\/wp\/v2\/types\/tribe_events"}],"author":[{"embeddable":true,"href":"https:\/\/formationsyndicale.cgt.fr\/index.php?rest_route=\/wp\/v2\/users\/3"}],"version-history":[{"count":9,"href":"https:\/\/formationsyndicale.cgt.fr\/index.php?rest_route=\/wp\/v2\/tribe_events\/680\/revisions"}],"predecessor-version":[{"id":729,"href":"https:\/\/formationsyndicale.cgt.fr\/index.php?rest_route=\/wp\/v2\/tribe_events\/680\/revisions\/729"}],"wp:attachment":[{"href":"https:\/\/formationsyndicale.cgt.fr\/index.php?rest_route=%2Fwp%2Fv2%2Fmedia&parent=680"}],"wp:term":[{"taxonomy":"post_tag","embeddable":true,"href":"https:\/\/formationsyndicale.cgt.fr\/index.php?rest_route=%2Fwp%2Fv2%2Ftags&post=680"},{"taxonomy":"tribe_events_cat","embeddable":true,"href":"https:\/\/formationsyndicale.cgt.fr\/index.php?rest_route=%2Fwp%2Fv2%2Ftribe_events_cat&post=680"}],"curies":[{"name":"wp","href":"https:\/\/api.w.org\/{rel}","templated":true}]}}