{"id":320,"date":"2024-11-14T09:35:26","date_gmt":"2024-11-14T08:35:26","guid":{"rendered":"https:\/\/cbf.cgt.fr\/formsynd\/?post_type=tribe_events&#038;p=320"},"modified":"2025-01-09T09:57:35","modified_gmt":"2025-01-09T08:57:35","slug":"n-nat-007-2025-sante-au-travail","status":"publish","type":"tribe_events","link":"https:\/\/formationsyndicale.cgt.fr\/?tribe_events=n-nat-007-2025-sante-au-travail","title":{"rendered":"N\u00b0 NAT-007\/2025 &#8211; Sant\u00e9 au travail"},"content":{"rendered":"<h4><span style=\"color: #003366;\">Public<br \/>\n<\/span><\/h4>\n<h5><span style=\"color: #003366;\">Les Conseill\u00e8res et conseillers Prud\u2019hommes d\u00e9sign\u00e9.e.s par leur Union D\u00e9partementale et ayant suivi le cursus PRUDIS jusqu\u2019\u00e0 la session 3-module 2 incluse.<\/span><\/h5>\n<hr \/>\n<h4><span style=\"color: #003366;\">Les objectifs de formation<br \/>\n<\/span><\/h4>\n<h5><span style=\"color: #003366;\">Les stagiaires seront outill\u00e9.e.s sur les notions de la sant\u00e9 et du contrat de travail afin de pouvoir traiter les litiges portant sur les questions de sant\u00e9 au travail et en particulier en mati\u00e8re d\u2019inaptitude et de reclassement.<\/span><\/h5>\n<hr \/>\n<p><a href=\"https:\/\/formationsyndicale.cgt.fr\/wp-content\/uploads\/2024\/11\/2025-007-FD-Sante-au-travail-1.docx\">2025-007-FD-Sante-au-travail<\/a><\/p>\n<p><a href=\"https:\/\/formationsyndicale.cgt.fr\/wp-content\/uploads\/2024\/11\/2025-007-FC-sante-au-travail-1.doc\">2025-007-FC-sante-au-travail<\/a><\/p>\n","protected":false},"excerpt":{"rendered":"<p>Public Les Conseill\u00e8res et conseillers Prud\u2019hommes d\u00e9sign\u00e9.e.s par leur Union D\u00e9partementale et ayant suivi le cursus PRUDIS jusqu\u2019\u00e0 la session 3-module 2 incluse. Les objectifs de formation Les stagiaires seront&hellip;&nbsp;<a href=\"https:\/\/formationsyndicale.cgt.fr\/?tribe_events=n-nat-007-2025-sante-au-travail\" rel=\"bookmark\"><span class=\"screen-reader-text\">N\u00b0 NAT-007\/2025 &#8211; Sant\u00e9 au travail<\/span><\/a><\/p>\n","protected":false},"author":3,"featured_media":0,"template":"","meta":{"neve_meta_sidebar":"","neve_meta_container":"","neve_meta_enable_content_width":"","neve_meta_content_width":0,"neve_meta_title_alignment":"","neve_meta_author_avatar":"","neve_post_elements_order":"","neve_meta_disable_header":"","neve_meta_disable_footer":"","neve_meta_disable_title":"","_tribe_events_status":"","_tribe_events_status_reason":"","footnotes":""},"tags":[],"tribe_events_cat":[39],"class_list":["post-320","tribe_events","type-tribe_events","status-publish","hentry","tribe_events_cat-outiller-mandat","cat_outiller-mandat"],"_links":{"self":[{"href":"https:\/\/formationsyndicale.cgt.fr\/index.php?rest_route=\/wp\/v2\/tribe_events\/320","targetHints":{"allow":["GET"]}}],"collection":[{"href":"https:\/\/formationsyndicale.cgt.fr\/index.php?rest_route=\/wp\/v2\/tribe_events"}],"about":[{"href":"https:\/\/formationsyndicale.cgt.fr\/index.php?rest_route=\/wp\/v2\/types\/tribe_events"}],"author":[{"embeddable":true,"href":"https:\/\/formationsyndicale.cgt.fr\/index.php?rest_route=\/wp\/v2\/users\/3"}],"version-history":[{"count":3,"href":"https:\/\/formationsyndicale.cgt.fr\/index.php?rest_route=\/wp\/v2\/tribe_events\/320\/revisions"}],"predecessor-version":[{"id":751,"href":"https:\/\/formationsyndicale.cgt.fr\/index.php?rest_route=\/wp\/v2\/tribe_events\/320\/revisions\/751"}],"wp:attachment":[{"href":"https:\/\/formationsyndicale.cgt.fr\/index.php?rest_route=%2Fwp%2Fv2%2Fmedia&parent=320"}],"wp:term":[{"taxonomy":"post_tag","embeddable":true,"href":"https:\/\/formationsyndicale.cgt.fr\/index.php?rest_route=%2Fwp%2Fv2%2Ftags&post=320"},{"taxonomy":"tribe_events_cat","embeddable":true,"href":"https:\/\/formationsyndicale.cgt.fr\/index.php?rest_route=%2Fwp%2Fv2%2Ftribe_events_cat&post=320"}],"curies":[{"name":"wp","href":"https:\/\/api.w.org\/{rel}","templated":true}]}}