{"id":202,"date":"2024-10-24T12:11:52","date_gmt":"2024-10-24T10:11:52","guid":{"rendered":"https:\/\/cbf.cgt.fr\/formsynd\/?post_type=tribe_events&#038;p=202"},"modified":"2025-02-10T12:18:59","modified_gmt":"2025-02-10T11:18:59","slug":"n-0217-2025-lutte-contre-lextreme-droite-ses-idees-ses-pratiques","status":"publish","type":"tribe_events","link":"https:\/\/formationsyndicale.cgt.fr\/?tribe_events=n-0217-2025-lutte-contre-lextreme-droite-ses-idees-ses-pratiques","title":{"rendered":"N\u00b0 0217\/2025 &#8211; Lutte contre l&rsquo;extr\u00eame droite, ses id\u00e9es, ses pratiques"},"content":{"rendered":"<p><span style=\"color: #003366;\"><strong>Public cible <\/strong><\/span><\/p>\n<h5><span style=\"color: #003366;\">Les syndiqu\u00e9.e.s de la CGT.<\/span><\/h5>\n<hr \/>\n<h5><span style=\"color: #003366;\">Cette formation a pour objectif de r\u00e9pondre aux besoins des organisations qui souhaitent engager sur la dur\u00e9e le combat contre l\u2019extr\u00eame droite, ses id\u00e9es, ses pratiques et qui pour s\u2019en donner les moyens responsabilisent des camarades sur le sujet. Ce stage s\u2019inscrit dans la famille de formation : \u00eatre actrice et acteur tout au long de sa vie.<\/span><\/h5>\n<hr \/>\n<p><span style=\"color: #003366;\"><strong>Les objectifs de formation : <\/strong><\/span><\/p>\n<h5><strong><span style=\"color: #003366;\">\u00c0 la fin de la formation les stagiaires seront en capacit\u00e9 de :<\/span> <\/strong><\/h5>\n<h5><span style=\"color: #003366;\">\u25aa Identifier les \u00e9volutions strat\u00e9giques de l\u2019extr\u00eame droite en France et les r\u00e9actions\/combats de la CGT face \u00e0 celle-ci.<\/span><\/h5>\n<h5><span style=\"color: #003366;\">\u25aa Conna\u00eetre l\u2019implantation g\u00e9ographique et politique de l\u2019extr\u00eame droite en Europe et les diff\u00e9rents grands courants qui la composent.<\/span><\/h5>\n<h5><span style=\"color: #003366;\">\u25aa Argumenter sur les mensonges et impostures sociales \u00e9conomiques de l\u2019extr\u00eame droite.<\/span><\/h5>\n<h5><span style=\"color: #003366;\">\u25aa Identifier les cibles de l\u2019extr\u00eame droite et le danger qu\u2019elle repr\u00e9sente pour la population, les travailleurs\u00b7ses et la d\u00e9mocratie.<\/span><\/h5>\n<h5><span style=\"color: #003366;\">\u25aa Conna\u00eetre les diff\u00e9rents courants de l\u2019extr\u00eame droite en France et leurs utilisations des r\u00e9seaux sociaux.<\/span><\/h5>\n<h5><span style=\"color: #003366;\">\u25aa \u00c9tablir des plans d\u2019action contre l\u2019extr\u00eame droite dans l\u2019entreprise, sur le territoire ou dans la CGT.<\/span><\/h5>\n<h5><span style=\"color: #003366;\">\u25aa Conna\u00eetre les rep\u00e8res, les valeurs, la strat\u00e9gie de la CGT ainsi que ce qu\u2019elle dit sur l\u2019immigration et le racisme.<\/span><\/h5>\n<hr \/>\n<p><a href=\"https:\/\/formationsyndicale.cgt.fr\/wp-content\/uploads\/2024\/10\/FD-Lutter-contre-lextreme-droite-janv-2025.pdf\">FD Lutter contre l&rsquo;extr\u00eame droite janv 2025<\/a><\/p>\n<p><a href=\"https:\/\/formationsyndicale.cgt.fr\/wp-content\/uploads\/2024\/10\/FC-Lutter-contre-lextreme-droite-janv-2025.docx\">FC Lutter contre l&rsquo;extr\u00eame droite janv 2025<\/a><\/p>\n","protected":false},"excerpt":{"rendered":"<p>Public cible Les syndiqu\u00e9.e.s de la CGT. Cette formation a pour objectif de r\u00e9pondre aux besoins des organisations qui souhaitent engager sur la dur\u00e9e le combat contre l\u2019extr\u00eame droite, ses&hellip;&nbsp;<a href=\"https:\/\/formationsyndicale.cgt.fr\/?tribe_events=n-0217-2025-lutte-contre-lextreme-droite-ses-idees-ses-pratiques\" rel=\"bookmark\"><span class=\"screen-reader-text\">N\u00b0 0217\/2025 &#8211; Lutte contre l&rsquo;extr\u00eame droite, ses id\u00e9es, ses pratiques<\/span><\/a><\/p>\n","protected":false},"author":3,"featured_media":0,"template":"","meta":{"neve_meta_sidebar":"","neve_meta_container":"","neve_meta_enable_content_width":"","neve_meta_content_width":0,"neve_meta_title_alignment":"","neve_meta_author_avatar":"","neve_post_elements_order":"","neve_meta_disable_header":"","neve_meta_disable_footer":"","neve_meta_disable_title":"","_tribe_events_status":"","_tribe_events_status_reason":"","footnotes":""},"tags":[],"tribe_events_cat":[38],"class_list":["post-202","tribe_events","type-tribe_events","status-publish","hentry","tribe_events_cat-etre-acteur","cat_etre-acteur"],"_links":{"self":[{"href":"https:\/\/formationsyndicale.cgt.fr\/index.php?rest_route=\/wp\/v2\/tribe_events\/202","targetHints":{"allow":["GET"]}}],"collection":[{"href":"https:\/\/formationsyndicale.cgt.fr\/index.php?rest_route=\/wp\/v2\/tribe_events"}],"about":[{"href":"https:\/\/formationsyndicale.cgt.fr\/index.php?rest_route=\/wp\/v2\/types\/tribe_events"}],"author":[{"embeddable":true,"href":"https:\/\/formationsyndicale.cgt.fr\/index.php?rest_route=\/wp\/v2\/users\/3"}],"version-history":[{"count":7,"href":"https:\/\/formationsyndicale.cgt.fr\/index.php?rest_route=\/wp\/v2\/tribe_events\/202\/revisions"}],"predecessor-version":[{"id":818,"href":"https:\/\/formationsyndicale.cgt.fr\/index.php?rest_route=\/wp\/v2\/tribe_events\/202\/revisions\/818"}],"wp:attachment":[{"href":"https:\/\/formationsyndicale.cgt.fr\/index.php?rest_route=%2Fwp%2Fv2%2Fmedia&parent=202"}],"wp:term":[{"taxonomy":"post_tag","embeddable":true,"href":"https:\/\/formationsyndicale.cgt.fr\/index.php?rest_route=%2Fwp%2Fv2%2Ftags&post=202"},{"taxonomy":"tribe_events_cat","embeddable":true,"href":"https:\/\/formationsyndicale.cgt.fr\/index.php?rest_route=%2Fwp%2Fv2%2Ftribe_events_cat&post=202"}],"curies":[{"name":"wp","href":"https:\/\/api.w.org\/{rel}","templated":true}]}}