{"id":197,"date":"2024-10-24T12:00:01","date_gmt":"2024-10-24T10:00:01","guid":{"rendered":"https:\/\/cbf.cgt.fr\/formsynd\/?post_type=tribe_events&#038;p=197"},"modified":"2024-11-25T11:53:46","modified_gmt":"2024-11-25T10:53:46","slug":"n-0208-2025-retraites","status":"publish","type":"tribe_events","link":"https:\/\/formationsyndicale.cgt.fr\/?tribe_events=n-0208-2025-retraites","title":{"rendered":"N\u00b0 0208\/2025 &#8211; Retraites"},"content":{"rendered":"<h4><span style=\"color: #003366;\">Population syndicale concern\u00e9e <\/span><\/h4>\n<h5><span style=\"color: #003366;\"><strong>Les camarades en charge du dossier retraite ou susceptibles de le devenir, les membres des commissions protection sociale de leur organisation professionnelle ou territoriale, les administrateurs des r\u00e9gimes de retraite, des institutions de s\u00e9curit\u00e9 sociale (Carsat, \u2026), des institutions de retraite compl\u00e9mentaires, et des groupes de protection social en g\u00e9n\u00e9ral.<\/strong><\/span><\/h5>\n<hr \/>\n<h4><span style=\"color: #003366;\">Les objectifs de formation<\/span><\/h4>\n<h5><span style=\"color: #003366;\"><strong>Les salari\u00e9.es, mais aussi de plus en plus de retrait\u00e9.es, se tournent vers nous en esp\u00e9rant obtenir des r\u00e9ponses \u00e0 leurs pr\u00e9occupations. Pour qu\u2019elles soient autant de pr\u00e9textes \u00e0 engagement dans l\u2019action revendicative, il nous faut plus de militantes et militants en mesure de porter les dimensions revendicatives du dossier retraite.<\/strong><\/span><\/h5>\n<hr \/>\n<p><a href=\"https:\/\/formationsyndicale.cgt.fr\/wp-content\/uploads\/2024\/10\/FD_retraite_du_24-fev-au-28-fev-2025.docx\">FD_retraite_du_24 f\u00e9v au 28 f\u00e9v 2025<\/a><\/p>\n<p><a href=\"https:\/\/formationsyndicale.cgt.fr\/wp-content\/uploads\/2024\/10\/FC_retraite_du_24-fev-au-28-fev-25.docx\">FC_retraite_du_24 f\u00e9v au 28 f\u00e9v 25<\/a><\/p>\n","protected":false},"excerpt":{"rendered":"<p>Population syndicale concern\u00e9e Les camarades en charge du dossier retraite ou susceptibles de le devenir, les membres des commissions protection sociale de leur organisation professionnelle ou territoriale, les administrateurs des&hellip;&nbsp;<a href=\"https:\/\/formationsyndicale.cgt.fr\/?tribe_events=n-0208-2025-retraites\" rel=\"bookmark\"><span class=\"screen-reader-text\">N\u00b0 0208\/2025 &#8211; Retraites<\/span><\/a><\/p>\n","protected":false},"author":3,"featured_media":0,"template":"","meta":{"neve_meta_sidebar":"","neve_meta_container":"","neve_meta_enable_content_width":"","neve_meta_content_width":0,"neve_meta_title_alignment":"","neve_meta_author_avatar":"","neve_post_elements_order":"","neve_meta_disable_header":"","neve_meta_disable_footer":"","neve_meta_disable_title":"","_tribe_events_status":"","_tribe_events_status_reason":"","footnotes":""},"tags":[],"tribe_events_cat":[],"class_list":["post-197","tribe_events","type-tribe_events","status-publish","hentry"],"_links":{"self":[{"href":"https:\/\/formationsyndicale.cgt.fr\/index.php?rest_route=\/wp\/v2\/tribe_events\/197","targetHints":{"allow":["GET"]}}],"collection":[{"href":"https:\/\/formationsyndicale.cgt.fr\/index.php?rest_route=\/wp\/v2\/tribe_events"}],"about":[{"href":"https:\/\/formationsyndicale.cgt.fr\/index.php?rest_route=\/wp\/v2\/types\/tribe_events"}],"author":[{"embeddable":true,"href":"https:\/\/formationsyndicale.cgt.fr\/index.php?rest_route=\/wp\/v2\/users\/3"}],"version-history":[{"count":5,"href":"https:\/\/formationsyndicale.cgt.fr\/index.php?rest_route=\/wp\/v2\/tribe_events\/197\/revisions"}],"predecessor-version":[{"id":509,"href":"https:\/\/formationsyndicale.cgt.fr\/index.php?rest_route=\/wp\/v2\/tribe_events\/197\/revisions\/509"}],"wp:attachment":[{"href":"https:\/\/formationsyndicale.cgt.fr\/index.php?rest_route=%2Fwp%2Fv2%2Fmedia&parent=197"}],"wp:term":[{"taxonomy":"post_tag","embeddable":true,"href":"https:\/\/formationsyndicale.cgt.fr\/index.php?rest_route=%2Fwp%2Fv2%2Ftags&post=197"},{"taxonomy":"tribe_events_cat","embeddable":true,"href":"https:\/\/formationsyndicale.cgt.fr\/index.php?rest_route=%2Fwp%2Fv2%2Ftribe_events_cat&post=197"}],"curies":[{"name":"wp","href":"https:\/\/api.w.org\/{rel}","templated":true}]}}