{"id":916,"date":"2025-04-03T14:41:54","date_gmt":"2025-04-03T12:41:54","guid":{"rendered":"https:\/\/cbf.cgt.fr\/formsynd\/?page_id=916"},"modified":"2025-07-21T12:24:06","modified_gmt":"2025-07-21T10:24:06","slug":"mentions-legales","status":"publish","type":"page","link":"https:\/\/formationsyndicale.cgt.fr\/?page_id=916","title":{"rendered":"Mentions l\u00e9gales"},"content":{"rendered":"\n<p>Politique relative \u00e0 la protection des donn\u00e9es<\/p>\n\n\n\n<p><strong>P\u00f4le formation syndicale<\/strong><br>Case 4-3<br>263, rue de Paris &#8211;\u00a093516 Montreuil cedex<br>Mail :<a href=\"mailto:form-synd@cgt.fr\">\u00a0<\/a><a href=\"mailto:form-synd@cgt.org\">form-synd@cgt.org<\/a><br><strong>Directeur de la publication<\/strong>\u00a0: Responsable du P\u00f4le formation syndicale (\u00e0 l&rsquo;Espace Vie Syndicale)<br>Pour toute remarque \u00e0 propos du site, nous \u00e9crire.<\/p>\n\n\n\n<p><strong>Propri\u00e9t\u00e9 intellectuelle<\/strong><\/p>\n\n\n\n<p>Tous les contenus de ce site sont couverts par le droit d\u2019auteur, en vertu de l\u2019article L.122-4 du Code de la propri\u00e9t\u00e9 intellectuelle.<\/p>\n\n\n\n<p>La reproduction de contenu est soumise \u00e0 la mention de la source : copyright CGT tous droits r\u00e9serv\u00e9s. Les reproductions ne peuvent pas \u00eatre utilis\u00e9es \u00e0 des fins commerciales ou publicitaires.<\/p>\n\n\n\n<p>La CGT se r\u00e9serve la possibilit\u00e9, \u00e0 tout moment, d\u2019interdire \u00e0 des tiers l\u2019utilisation des informations du site. Dans ce cas, elle informera la personne concern\u00e9e qui disposera de 8 jours ouvr\u00e9s pour mettre fin \u00e0 ses pratiques.<\/p>\n\n\n\n<p><strong>Cr\u00e9dits photographiques<\/strong><\/p>\n\n\n\n<p>Toute reproduction est soumise \u00e0 autorisation de son auteur.<\/p>\n\n\n\n<p><strong>Liens hypertextes<\/strong><\/p>\n\n\n\n<p>La cr\u00e9ation de liens avec ce site est libre, sous r\u00e9serve de nous en informer. La CGT peut \u00e0 tout moment refuser un lien. La personne concern\u00e9e disposera de deux jours pour le supprimer.<\/p>\n\n\n\n<p><strong>H\u00e9bergement<\/strong><\/p>\n\n\n\n<p>Centre Beno\u00eet Frachon<br>12 rue Fernand L\u00e9ger<br>91190 Gif sur Yvette<br>E-mail : <a href=\"mailto:informatique.courcelle@cgt.fr\">informatique.courcelle@cgt.fr<\/a><\/p>\n\n\n\n<p><strong>La pr\u00e9sente politique a pour objectif de<\/strong>&nbsp;:<\/p>\n\n\n\n<ul class=\"wp-block-list\">\n<li>vous informer sur les conditions dans lesquelles la Conf\u00e9d\u00e9ration G\u00e9n\u00e9rale du Travail (ci-apr\u00e8s d\u00e9sign\u00e9e \u00ab&nbsp;CGT&nbsp;\u00bb) va traiter vos donn\u00e9es personnelles vous pr\u00e9ciser les droits dont vous disposez \u00e0 l\u2019\u00e9gard de vos donn\u00e9es et la fa\u00e7on dont vous pouvez les exercer&nbsp;;&nbsp;<\/li>\n\n\n\n<li>vous informer sur la nature des cookies qui sont d\u00e9pos\u00e9s et des moyens dont vous disposez pour vous y opposer.<\/li>\n<\/ul>\n\n\n\n<p>Vos donn\u00e9es personnelles sont collect\u00e9es et trait\u00e9es dans le respect des dispositions du R\u00e8glement europ\u00e9en sur la protection des donn\u00e9es (RGPD), applicable depuis le 25 mai 2018, et de la loi dite \u00ab&nbsp;Informatique et Libert\u00e9s&nbsp;\u00bb du 6 janvier 1978 modifi\u00e9e.<\/p>\n\n\n\n<p>Responsable du traitement La CGT est responsable du traitement des donn\u00e9es personnelles que vous lui communiquez par l\u2019interm\u00e9diaire des formulaires du pr\u00e9sent site.<\/p>\n\n\n\n<p>Vos donn\u00e9es personnelles sont accessibles aux seules personnes ayant besoin d\u2019en conna\u00eetre en raison de leurs fonctions et de leur mission. Ces personnes sont form\u00e9es aux r\u00e8gles de la protection des donn\u00e9es personnelles afin notamment de garantir la s\u00e9curit\u00e9 et la confidentialit\u00e9 des donn\u00e9es que vous nous communiquez. La soci\u00e9t\u00e9 recourt \u00e0 un prestataire informatique pour l\u2019h\u00e9bergement de ses donn\u00e9es.<\/p>\n\n\n\n<p><strong>Vos droits<\/strong><\/p>\n\n\n\n<p>Vous disposez, \u00e0 l&rsquo;\u00e9gard de vos donn\u00e9es, des droits suivants :<\/p>\n\n\n\n<ul class=\"wp-block-list\">\n<li>Le<strong>&nbsp;droit d\u2019acc\u00e8s<\/strong>&nbsp;vous permet d\u2019obtenir de la CGT la confirmation que vos donn\u00e9es font l\u2019objet d\u2019un traitement, ou non. Dans l\u2019affirmative, l\u2019exercice de ce droit vous offre la possibilit\u00e9 d\u2019obtenir la communication des donn\u00e9es que nous d\u00e9tenons sur vous.<\/li>\n\n\n\n<li>Le&nbsp;<strong>droit de rectification<\/strong>&nbsp;vous permet de rectifier des donn\u00e9es vous concernant qui sont inexactes ou incompl\u00e8tes.<\/li>\n\n\n\n<li>Le&nbsp;<strong>droit \u00e0 l\u2019effacement<\/strong>&nbsp;vous permet de demander \u00e0 la CGT de proc\u00e9der \u00e0 la suppression de vos donn\u00e9es personnelles. Cette demande d\u2019effacement peut notamment intervenir dans le cas o\u00f9 les donn\u00e9es dont nous disposons sur vous ne sont plus n\u00e9cessaires au regard de la finalit\u00e9 pour laquelle elles ont \u00e9t\u00e9 collect\u00e9es.<\/li>\n\n\n\n<li>Le&nbsp;<strong>droit \u00e0 la limitation du traitement<\/strong>&nbsp;vous permet de demander la suspension du traitement de vos donn\u00e9es lorsque, par exemple, la CGT doit v\u00e9rifier l\u2019exactitude de vos donn\u00e9es lorsque vous la contestez.<\/li>\n\n\n\n<li>Le&nbsp;<strong>droit \u00e0 la portabilit\u00e9<\/strong>&nbsp;vous permet de r\u00e9cup\u00e9rer les donn\u00e9es vous concernant afin de les transmettre \u00e0 un autre organisme qui les traitera \u00e0 son tour, sans que la CGT y fasse obstacle. Vous ne pouvez exercer ce droit que pour r\u00e9cup\u00e9rer les donn\u00e9es qui sont trait\u00e9es pour l\u2019envoi de la lettre d\u2019information \u00e9lectronique.<\/li>\n\n\n\n<li>Le&nbsp;<strong>droit d\u2019opposition<\/strong>&nbsp;vous permet de demander \u00e0 la CGT, pour des raisons tenant \u00e0 votre situation particuli\u00e8re, de cesser de traiter vos donn\u00e9es personnelles \u00e0 des fins de gestion de votre adh\u00e9sion, de votre demande d\u2019information et d\u2019utilisation de l\u2019espace militant.<\/li>\n\n\n\n<li>Vous disposez \u00e9galement, concernant le traitement de vos donn\u00e9es qui nous permet de vous adresser la lettre d\u2019information \u00e9lectronique de la CGT, d\u2019un&nbsp;<strong>droit de retrait du consentement<\/strong>. L\u2019exercice de ce droit conduit la CGT \u00e0 vous retirer de la liste de diffusion de cette lettre et ainsi interrompre son envoi.<\/li>\n<\/ul>\n\n\n\n<p>Vous disposez, enfin, du&nbsp;<strong>droit d\u2019introduire une r\u00e9clamation&nbsp;<\/strong>aupr\u00e8s de la Commission nationale de l\u2019informatique et des libert\u00e9s (CNIL) dans le cas o\u00f9 vous consid\u00e9reriez que l\u2019utilisation que nous faisons de vos donn\u00e9es m\u00e9connait les dispositions du RGPD.<\/p>\n\n\n\n<p>Vous \u00eates en mesure d&rsquo;exercer l\u2019ensemble de vos droits, \u00e0 tout moment, en adressant une demande \u00e0 notre D\u00e9l\u00e9gu\u00e9 \u00e0 la Protection des Donn\u00e9es (DPO). Cette demande peut \u00eatre adress\u00e9e par voie \u00e9lectronique&nbsp;: &nbsp;<strong>dpo<\/strong>(at)<strong>cgt.fr<\/strong>.<\/p>\n","protected":false},"excerpt":{"rendered":"<p>Politique relative \u00e0 la protection des donn\u00e9es P\u00f4le formation syndicaleCase 4-3263, rue de Paris &#8211;\u00a093516 Montreuil cedexMail :\u00a0form-synd@cgt.orgDirecteur de la publication\u00a0: Responsable du P\u00f4le formation syndicale (\u00e0 l&rsquo;Espace Vie Syndicale)Pour&hellip;&nbsp;<a href=\"https:\/\/formationsyndicale.cgt.fr\/?page_id=916\" rel=\"bookmark\"><span class=\"screen-reader-text\">Mentions l\u00e9gales<\/span><\/a><\/p>\n","protected":false},"author":2,"featured_media":0,"parent":0,"menu_order":0,"comment_status":"closed","ping_status":"closed","template":"","meta":{"neve_meta_sidebar":"","neve_meta_container":"","neve_meta_enable_content_width":"","neve_meta_content_width":0,"neve_meta_title_alignment":"","neve_meta_author_avatar":"","neve_post_elements_order":"","neve_meta_disable_header":"","neve_meta_disable_footer":"","neve_meta_disable_title":"","footnotes":""},"class_list":["post-916","page","type-page","status-publish","hentry"],"_links":{"self":[{"href":"https:\/\/formationsyndicale.cgt.fr\/index.php?rest_route=\/wp\/v2\/pages\/916","targetHints":{"allow":["GET"]}}],"collection":[{"href":"https:\/\/formationsyndicale.cgt.fr\/index.php?rest_route=\/wp\/v2\/pages"}],"about":[{"href":"https:\/\/formationsyndicale.cgt.fr\/index.php?rest_route=\/wp\/v2\/types\/page"}],"author":[{"embeddable":true,"href":"https:\/\/formationsyndicale.cgt.fr\/index.php?rest_route=\/wp\/v2\/users\/2"}],"replies":[{"embeddable":true,"href":"https:\/\/formationsyndicale.cgt.fr\/index.php?rest_route=%2Fwp%2Fv2%2Fcomments&post=916"}],"version-history":[{"count":2,"href":"https:\/\/formationsyndicale.cgt.fr\/index.php?rest_route=\/wp\/v2\/pages\/916\/revisions"}],"predecessor-version":[{"id":1147,"href":"https:\/\/formationsyndicale.cgt.fr\/index.php?rest_route=\/wp\/v2\/pages\/916\/revisions\/1147"}],"wp:attachment":[{"href":"https:\/\/formationsyndicale.cgt.fr\/index.php?rest_route=%2Fwp%2Fv2%2Fmedia&parent=916"}],"curies":[{"name":"wp","href":"https:\/\/api.w.org\/{rel}","templated":true}]}}