{"id":910,"date":"2025-04-03T14:31:33","date_gmt":"2025-04-03T12:31:33","guid":{"rendered":"https:\/\/cbf.cgt.fr\/formsynd\/?page_id=910"},"modified":"2025-07-21T12:25:51","modified_gmt":"2025-07-21T10:25:51","slug":"nous-contacter","status":"publish","type":"page","link":"https:\/\/formationsyndicale.cgt.fr\/?page_id=910","title":{"rendered":"Nous contacter"},"content":{"rendered":"\n<p>La Formation Syndicale CGT<br>Case 4-3<br>263, rue de Paris<br>93516 Montreuil Cedex<br>Secr\u00e9tariat : 01 55 82 82 09<br>Gestion des stages : 01 55 82 82 01<br>Stages \u00e9co-CSE, sant\u00e9-s\u00e9curit\u00e9 pour les \u00e9lu\u00b7e\u00b7s : 01 55 82 82 00<br>Courriel :\u00a0<a href=\"mailto:form-synd@cgt.org\">form-synd@cgt.org<\/a><br>Ancien site internet (accessible pour une p\u00e9riode transitoire) : <a href=\"http:\/\/pole-FS.cgt.fr\/\">http:\/\/pole-FS.cgt.fr\/<\/a><\/p>\n\n\n\n<ul class=\"wp-block-list\">\n<li>SIREN 775 678&nbsp;451<\/li>\n\n\n\n<li>SIRET (si\u00e8ge, c\u2019est-\u00e0-dire la conf\u00e9d\u00e9ration, dont la formation syndicale)&nbsp;: 775 678 451 00060<\/li>\n\n\n\n<li>Code APE\/NAF&nbsp;: Comme activit\u00e9 principale, elle est enregistr\u00e9e sous \u00ab&nbsp;Activit\u00e9s des syndicats de salari\u00e9s&nbsp;\u00bb (9420Z)&nbsp;;<\/li>\n\n\n\n<li>Identifiant TVA intracommunautaire&nbsp;: FR 30 775 678&nbsp;451 (Attention toutefois, la CGT, pour les activit\u00e9s de formation syndicale, <strong>n\u2019est pas assujettie \u00e0 la TVA<\/strong>, en application de l&rsquo;article 261 du CGI&nbsp;!)<\/li>\n<\/ul>\n","protected":false},"excerpt":{"rendered":"<p>La Formation Syndicale CGTCase 4-3263, rue de Paris93516 Montreuil CedexSecr\u00e9tariat : 01 55 82 82 09Gestion des stages : 01 55 82 82 01Stages \u00e9co-CSE, sant\u00e9-s\u00e9curit\u00e9 pour les \u00e9lu\u00b7e\u00b7s :&hellip;&nbsp;<a href=\"https:\/\/formationsyndicale.cgt.fr\/?page_id=910\" rel=\"bookmark\"><span class=\"screen-reader-text\">Nous contacter<\/span><\/a><\/p>\n","protected":false},"author":2,"featured_media":0,"parent":0,"menu_order":0,"comment_status":"closed","ping_status":"closed","template":"","meta":{"neve_meta_sidebar":"","neve_meta_container":"","neve_meta_enable_content_width":"","neve_meta_content_width":0,"neve_meta_title_alignment":"","neve_meta_author_avatar":"","neve_post_elements_order":"","neve_meta_disable_header":"","neve_meta_disable_footer":"","neve_meta_disable_title":"","footnotes":""},"class_list":["post-910","page","type-page","status-publish","hentry"],"_links":{"self":[{"href":"https:\/\/formationsyndicale.cgt.fr\/index.php?rest_route=\/wp\/v2\/pages\/910","targetHints":{"allow":["GET"]}}],"collection":[{"href":"https:\/\/formationsyndicale.cgt.fr\/index.php?rest_route=\/wp\/v2\/pages"}],"about":[{"href":"https:\/\/formationsyndicale.cgt.fr\/index.php?rest_route=\/wp\/v2\/types\/page"}],"author":[{"embeddable":true,"href":"https:\/\/formationsyndicale.cgt.fr\/index.php?rest_route=\/wp\/v2\/users\/2"}],"replies":[{"embeddable":true,"href":"https:\/\/formationsyndicale.cgt.fr\/index.php?rest_route=%2Fwp%2Fv2%2Fcomments&post=910"}],"version-history":[{"count":5,"href":"https:\/\/formationsyndicale.cgt.fr\/index.php?rest_route=\/wp\/v2\/pages\/910\/revisions"}],"predecessor-version":[{"id":1149,"href":"https:\/\/formationsyndicale.cgt.fr\/index.php?rest_route=\/wp\/v2\/pages\/910\/revisions\/1149"}],"wp:attachment":[{"href":"https:\/\/formationsyndicale.cgt.fr\/index.php?rest_route=%2Fwp%2Fv2%2Fmedia&parent=910"}],"curies":[{"name":"wp","href":"https:\/\/api.w.org\/{rel}","templated":true}]}}