{"id":905,"date":"2025-04-03T11:50:28","date_gmt":"2025-04-03T09:50:28","guid":{"rendered":"https:\/\/cbf.cgt.fr\/formsynd\/?page_id=905"},"modified":"2026-01-16T10:10:06","modified_gmt":"2026-01-16T09:10:06","slug":"agrement-de-la-formation-syndicale-cgt","status":"publish","type":"page","link":"https:\/\/formationsyndicale.cgt.fr\/?page_id=905","title":{"rendered":"Agr\u00e9ment de la formation syndicale CGT"},"content":{"rendered":"\n<p><em>La formation syndicale CGT<\/em> est agr\u00e9\u00e9e \u00e0 organiser des stages de formation \u00e9conomique, sociale, environnementale et syndicale pour le secteur priv\u00e9, les trois versants de la fonction publique et pour des formations en mati\u00e8re de sant\u00e9, s\u00e9curit\u00e9 et conditions de travail pour les \u00e9lu-es au comit\u00e9 social.<\/p>\n\n\n\n<p>Par ailleurs, <em>Prudis-CGT<\/em> est agr\u00e9\u00e9 pour dispenser de la formation pour les Conseillers-\u00e8res Prud&rsquo;hommes (voir ci-dessous).<\/p>\n\n\n\n<div class=\"wp-block-group is-vertical is-layout-flex wp-container-core-group-is-layout-8cf370e7 wp-block-group-is-layout-flex\">\n<h2 class=\"wp-block-heading\">Dans le secteur priv\u00e9<\/h2>\n\n\n\n<p>Pour le <strong><u>secteur priv\u00e9<\/u><\/strong>&nbsp;: par le ministre du travail pour les ann\u00e9es 2024 \u00e0 2026 par l\u2019Arr\u00eat\u00e9 du 22 d\u00e9cembre 2023 fixant la liste des centres, instituts et organismes sp\u00e9cialis\u00e9s agr\u00e9\u00e9s dont les stages ou sessions ouvrent droit aux cong\u00e9s de formation \u00e9conomique, sociale et syndicale (NOR: <a href=\"https:\/\/www.legifrance.gouv.fr\/loda\/article_lc\/LEGIARTI000048720613\/\">MTRT2334921A<\/a>) pour \u00ab&nbsp;La&nbsp;Formation Syndicale C.G.T&nbsp;\u00bb<\/p>\n\n\n\n<h2 class=\"wp-block-heading\">Dans le secteur public<\/h2>\n\n\n\n<div class=\"wp-block-group is-nowrap is-layout-flex wp-container-core-group-is-layout-ad2f72ca wp-block-group-is-layout-flex\">\n<p>Pour la <strong><u>fonction publique hospitali\u00e8re<\/u><\/strong>\u00a0: Par l\u2019Arr\u00eat\u00e9 du 28 d\u00e9cembre 1998 fixant la liste des centres et instituts dont les stages ou sessions ouvrent droit pour l\u2019ann\u00e9e 1999, en faveur des agents des \u00e9tablissements mentionn\u00e9s \u00e0 l\u2019article 2 de la loi n\u00b0 86-33 du 9 janvier 1986, au cong\u00e9 pour formation syndicale (NOR: <a href=\"https:\/\/www.legifrance.gouv.fr\/loda\/article_lc\/LEGIARTI000050952286\">MESH9824184A<\/a>), modifi\u00e9 par l\u2019Arr\u00eat\u00e9 du 2 janvier 2025 modifiant l\u2019arr\u00eat\u00e9 du 28 d\u00e9cembre 1998 fixant la liste des centres et instituts dont les stages ou sessions ouvrent droit pour l\u2019ann\u00e9e 1999 en faveur des agents des \u00e9tablissements mentionn\u00e9s \u00e0 l\u2019article 2 de la loi no 86-33 du 9 janvier 1986 au cong\u00e9 pour formation syndicale (NOR : <a href=\"https:\/\/www.legifrance.gouv.fr\/eli\/arrete\/2025\/1\/2\/TSSH2434591A\/jo\/texte\">TSSH2434591A<\/a>) pour \u00ab\u00a0La formation syndicale de la Conf\u00e9d\u00e9ration g\u00e9n\u00e9rale du travail (CGT)\u00a0\u00bb\u00a0<\/p>\n\n\n\n<p>Pour la <strong><u>fonction publique territoriale<\/u><\/strong>&nbsp;: Par l\u2019Arr\u00eat\u00e9 du 9 f\u00e9vrier 1998 fixant la liste des centres et instituts dont les stages ou sessions ouvrent droit au cong\u00e9 pour formation syndicale des agents de la fonction publique territoriale (NOR: <a href=\"https:\/\/www.legifrance.gouv.fr\/loda\/article_lc\/LEGIARTI000045116789\">FPPA9810001A<\/a>), modifi\u00e9, en dernier par l\u2019Arr\u00eat\u00e9 du 12 octobre 2018 modifiant l&rsquo;arr\u00eat\u00e9 du 9 f\u00e9vrier 1998 fixant la liste des centres et instituts dont les stages ou sessions ouvrent droit au cong\u00e9 pour formation syndicale des agents de la fonction publique territoriale (NOR: INTB1826687A) pour \u00ab&nbsp;Centre de la formation syndicale CGT de la Conf\u00e9d\u00e9ration g\u00e9n\u00e9rale du travail (CGT)&nbsp;\u00bb&nbsp;<\/p>\n\n\n\n<p>Pour la <strong><u>fonction publique d\u2019\u00c9tat<\/u><\/strong>\u00a0: Par l\u2019Arr\u00eat\u00e9 du 29 d\u00e9cembre 1999 fixant la liste des centres et instituts dont les stages ou les sessions ouvrent droit au cong\u00e9 pour formation syndicale des agents de la fonction publique de l&rsquo;\u00c9tat (NOR: <a href=\"https:\/\/www.legifrance.gouv.fr\/loda\/article_lc\/LEGIARTI000020173949\">FPPA9900194A<\/a>), modifi\u00e9 en dernier par l\u2019Arr\u00eat\u00e9 du 13 janvier 2009 modifiant l&rsquo;arr\u00eat\u00e9 du 29 d\u00e9cembre 1999 fixant la liste des centres et instituts dont les stages ou les sessions ouvrent droit au cong\u00e9 pour formation syndicale (NOR: BCFF0900890A) pour \u00ab\u00a0La formation syndicale\u00a0CGT\u00a0\u00bb<\/p>\n<\/div>\n<\/div>\n\n\n\n<h2 class=\"wp-block-heading has-text-align-center\">Prudis-CGT<\/h2>\n\n\n\n<p>Au titre de l\u2019article R. 1442-2 du Code du travail, pour assurer la formation des conseillers prud\u2019hommes, Prudis-CGT est agr\u00e9\u00e9 par <a href=\"https:\/\/www.legifrance.gouv.fr\/loda\/id\/JORFTEXT000052835929\/\">l\u2019Arr\u00eat\u00e9 du 18 novembre 2025<\/a> (NOR\u00a0:\u00a0<a href=\"https:\/\/www.legifrance.gouv.fr\/eli\/arrete\/2025\/11\/18\/TRST2530745A\/jo\/texte\">TRST2530745A<\/a>) au nom de \u00ab\u00a0Institut sp\u00e9cialis\u00e9 de formation des conseillers prud\u2019hommes salari\u00e9s (PRUDIS-CGT) de la Conf\u00e9d\u00e9ration g\u00e9n\u00e9rale du travail\u00a0\u00bb (<a href=\"https:\/\/www.legifrance.gouv.fr\/jorf\/jo\/2025\/11\/25\/0276\">JORF n\u00b00276 du 25 novembre 2025<\/a>, Texte n\u00b0 7, valide jusque fin 2029).<\/p>\n","protected":false},"excerpt":{"rendered":"<p>La formation syndicale CGT est agr\u00e9\u00e9e \u00e0 organiser des stages de formation \u00e9conomique, sociale, environnementale et syndicale pour le secteur priv\u00e9, les trois versants de la fonction publique et pour&hellip;&nbsp;<a href=\"https:\/\/formationsyndicale.cgt.fr\/?page_id=905\" rel=\"bookmark\"><span class=\"screen-reader-text\">Agr\u00e9ment de la formation syndicale CGT<\/span><\/a><\/p>\n","protected":false},"author":2,"featured_media":0,"parent":0,"menu_order":0,"comment_status":"closed","ping_status":"closed","template":"","meta":{"neve_meta_sidebar":"","neve_meta_container":"","neve_meta_enable_content_width":"","neve_meta_content_width":0,"neve_meta_title_alignment":"","neve_meta_author_avatar":"","neve_post_elements_order":"","neve_meta_disable_header":"","neve_meta_disable_footer":"","neve_meta_disable_title":"","footnotes":""},"class_list":["post-905","page","type-page","status-publish","hentry"],"_links":{"self":[{"href":"https:\/\/formationsyndicale.cgt.fr\/index.php?rest_route=\/wp\/v2\/pages\/905","targetHints":{"allow":["GET"]}}],"collection":[{"href":"https:\/\/formationsyndicale.cgt.fr\/index.php?rest_route=\/wp\/v2\/pages"}],"about":[{"href":"https:\/\/formationsyndicale.cgt.fr\/index.php?rest_route=\/wp\/v2\/types\/page"}],"author":[{"embeddable":true,"href":"https:\/\/formationsyndicale.cgt.fr\/index.php?rest_route=\/wp\/v2\/users\/2"}],"replies":[{"embeddable":true,"href":"https:\/\/formationsyndicale.cgt.fr\/index.php?rest_route=%2Fwp%2Fv2%2Fcomments&post=905"}],"version-history":[{"count":5,"href":"https:\/\/formationsyndicale.cgt.fr\/index.php?rest_route=\/wp\/v2\/pages\/905\/revisions"}],"predecessor-version":[{"id":1911,"href":"https:\/\/formationsyndicale.cgt.fr\/index.php?rest_route=\/wp\/v2\/pages\/905\/revisions\/1911"}],"wp:attachment":[{"href":"https:\/\/formationsyndicale.cgt.fr\/index.php?rest_route=%2Fwp%2Fv2%2Fmedia&parent=905"}],"curies":[{"name":"wp","href":"https:\/\/api.w.org\/{rel}","templated":true}]}}